{"id":42,"date":"2014-09-26T10:14:54","date_gmt":"2014-09-26T15:14:54","guid":{"rendered":"http:\/\/www.vertigo-mareo.com\/?page_id=42"},"modified":"2019-10-09T14:24:10","modified_gmt":"2019-10-09T19:24:10","slug":"estudios","status":"publish","type":"page","link":"https:\/\/mareo-vertigo.com\/en\/estudios\/","title":{"rendered":"Estudios"},"content":{"rendered":"<hr class=\"symple-divider solid \" style=\"margin-top: 20px;margin-bottom: 20px;\" \/>\n<h3><strong>Mareo y V\u00e9rtigo. Las T\u00e9cnicas Mas avanzadas\u00a0del mundo para su diagn\u00f3stico<br \/>\n<\/strong><\/h3>\n<p>El <strong><a href=\"http:\/\/mareo-vertigo.com\/vertigo-y-mareo\/\">V\u00e9rtigo y Mareo<\/a><\/strong>, o P\u00e9rdida de Equilibrio est\u00e1 estrictamente relacionado con el oido del ser humano, existe un mecanismo de compensaci\u00f3n del equilibrio que se manifiesta con una disminuci\u00f3n o trastorno de lo que oimos.<\/p>\n<p>La Cl\u00ednica de Neurofisiolog\u00eda Otol\u00f3gica cuenta con el conocimiento y los equipos mas avanzados en el diagn\u00f3stico y tratamiento del <strong><a href=\"http:\/\/mareo-vertigo.com\/tratamiento-vertigo-nistagmografiada\/\">V\u00e9rtigo<\/a><\/strong>, lo que nos permite garantizarle al paciente el 99% de la rehabilitaci\u00f3n de su problema de V\u00e9rtigo, Mareo o P\u00e9rdida del Equilibrio o Audici\u00f3n.<\/p>\n<h3><strong>Audiometr\u00eda Cl\u00ednica<br \/>\n<\/strong><\/h3>\n<p>Es un m\u00e9todo id\u00f3neo para explorar el o\u00eddo (audici\u00f3n) registrando los datos en un gr\u00e1fico llamado audiograma. Consiste en reconocer el volumen m\u00ednimo de audici\u00f3n que tiene un o\u00eddo para las distintas frecuencias audibles.<\/p>\n<h3><strong>Audiometr\u00eda de Bekesy<br \/>\n<\/strong><\/h3>\n<p>Estudia alteraciones de la v\u00eda auditiva descubriendo problemas en el nervio auditivo y en la c\u00f3clea. Tambi\u00e9n determina el umbral auditivo.<\/p>\n<h3><strong>Timpanometr\u00eda con Reflejo Estapedial<br \/>\n<\/strong><\/h3>\n<p>Valora la integridad de la membrana timp\u00e1nica, cadena osicular y cavidades a\u00e9reas de o\u00eddo medio.<\/p>\n<h3><strong>Valoraci\u00f3n y Adaptaci\u00f3n de Auxiliares Auditivos<br \/>\n<\/strong><\/h3>\n<p>Los auxiliares auditivos pueden ser usados dentro del canal del o\u00eddo (intracanales) o bien fuera de \u00e9ste (detr\u00e1s de la oreja y de caja) e, independientemente de su construcci\u00f3n, por su tecnolog\u00eda pueden ser anal\u00f3gicos o digitales.<\/p>\n<h3><strong>Potenciales Evocados Auditivos y Vestibulares de Tallo Cerebral \/ Mapeado<br \/>\n<\/strong><\/h3>\n<p>Exploran la v\u00eda coclear o la via vestibular a traves de estimulos para determinar alteraciones relacionadas del paciente con mareo o v\u00e9rtigo.<\/p>\n<h3><strong>Postugraf\u00eda o Prueba de Equilibrio (TOB)<br \/>\n<\/strong><\/h3>\n<p>M\u00e9todo simple, actual y r\u00e1pido para evaluar, en condiciones est\u00e1ticas, el centro de gravedad en los pacientes con <strong><a href=\"http:\/\/mareo-vertigo.com\/prueba-utenberger-equilibrio\/\">trastornos de equilibrio<\/a><\/strong> perif\u00e9rico o central.<\/p>\n<h3><strong>CCG Craneocorpograf\u00eda Computarizada. Prueba\u00a0de Unterberger y Fukuda<\/strong><\/h3>\n<h3><strong>Funci\u00f3n vest\u00edbulo-espinal y del equilibrio.<\/strong><\/h3>\n<h3><strong>CNG Nistagmograf\u00eda Computarizada<\/strong><\/h3>\n<p>Este estudio permite evaluar el sistema vest\u00edbulo-ocular a trav\u00e9s de un registro de los movimientos oculares ayud\u00e1ndonos al mejor diagnostico del paciente con v\u00e9rtigo.<\/p>\n<h3><strong>Test Rotatorio Sill\u00f3n de Torsi\u00f3n<\/strong><\/h3>\n<p>Se sienta al paciente en un sill\u00f3n que realiza giros horarios y despu\u00e9s antihorarios con la finalidad de provocar una estimulaci\u00f3n del \u00f3rgano del equilibrio del o\u00eddo.<\/p>\n<h3><strong>Pruebas Vestibulares Cal\u00f3ricas<br \/>\n<\/strong><\/h3>\n<p>Nos permite determinar la actividad vestibular de cada o\u00eddo.<\/p>\n<h3><strong>Ultrasonograf\u00eda Doppler transcraneal y Extracraneal de Cabeza y Cuello<\/strong><\/h3>\n<h3><strong>Transcraneal y Extracraneal<br \/>\n<\/strong><\/h3>\n<p>El 47.8% de los pacientes con v\u00e9rtigo o mareo presentan alteraciones en los flujos arteriales cerebrales. El poder medir la din\u00e1mica circulatoria cerebral nos permite observar que el 15% de este grupo presenta mareo de causa cervical por variaciones en el flujo de la arteria vertebral y 60% de arteria supratroclear rama terminal de la car\u00f3tida interna, asciento de los n\u00facleos vestibulares y el 15% de la arteria cerebral anterior, tambi\u00e9n parte terminal y asciento de n\u00facleos vestibulares, de aqu\u00ed la importancia de conocer el flujo arterial intracerebral.<\/p>\n<h3><strong>Otoencefalograf\u00eda con Mapeo<br \/>\n<\/strong><\/h3>\n<p>Nos permite diagnosticar alteraciones en la actividad el\u00e9ctrica cerebral relacionadas con el s\u00edntoma v\u00e9rtigo o mareo y acufeno o tinnitus.<\/p>\n<p>Tradicionalmente, las im\u00e1genes del mapeo cerebral se presentan como mapas computarizadas en relaci\u00f3n a la actividad el\u00e9ctrica cerebral, las cuales resultan muy atractivas a la vista del paciente com\u00fan, sin tener otros resultados.<\/p>\n<h3><strong>Neuroot\u00f3logo Dr. Jorge Said Mart\u00ednez<br \/>\n<\/strong><\/h3>\n<p>Especialista en Neurootolog\u00eda, primer Neurootofisi\u00f3logo en el pa\u00eds en aplicar t\u00e9cnicas de diagnostico y tratamiento con tecnolog\u00eda como,\u00a0la Posturograf\u00eda, el l Test de Balance, la Craneocorpograf\u00eda Computarizada, la Nistagmograf\u00eda Computarizada, el Test Rotatorio, la Pruebas Vestibulares Cal\u00f3ricas,\u00a0la\u00a0Ultrasonograf\u00eda,\u00a0la Otoencefalograf\u00eda con Mapeo.<\/p>\n","protected":false},"excerpt":{"rendered":"<p>Mareo y V\u00e9rtigo. Las T\u00e9cnicas Mas avanzadas\u00a0del mundo para su diagn\u00f3stico El V\u00e9rtigo y Mareo, o P\u00e9rdida de Equilibrio est\u00e1 estrictamente relacionado con el oido del ser humano, existe un mecanismo de compensaci\u00f3n del equilibrio que se manifiesta con una disminuci\u00f3n o trastorno de lo que oimos. La Cl\u00ednica de Neurofisiolog\u00eda Otol\u00f3gica cuenta con el [&hellip;]<\/p>\n","protected":false},"author":1,"featured_media":0,"parent":0,"menu_order":0,"comment_status":"closed","ping_status":"closed","template":"","meta":{"footnotes":""},"class_list":["post-42","page","type-page","status-publish","hentry"],"yoast_head":"<!-- This site is optimized with the Yoast SEO plugin v27.5 - https:\/\/yoast.com\/product\/yoast-seo-wordpress\/ -->\n<title>Estudios para determinar el tratamiento vertigo y mareo.<\/title>\n<meta name=\"description\" content=\"Estudios para determinar las causas del vertigo y las causas de mareos. Si necesitas otorrinoralingologo DF \u00a1Ponte en contacto con nosotros!\" \/>\n<meta name=\"robots\" content=\"index, follow, max-snippet:-1, max-image-preview:large, max-video-preview:-1\" \/>\n<link rel=\"canonical\" href=\"https:\/\/mareo-vertigo.com\/en\/estudios\/\" \/>\n<meta property=\"og:locale\" content=\"en_US\" \/>\n<meta property=\"og:type\" content=\"article\" \/>\n<meta property=\"og:title\" content=\"Estudios para determinar el tratamiento vertigo y mareo.\" \/>\n<meta property=\"og:description\" content=\"Estudios para determinar las causas del vertigo y las causas de mareos. Si necesitas otorrinoralingologo DF \u00a1Ponte en contacto con nosotros!\" \/>\n<meta property=\"og:url\" content=\"https:\/\/mareo-vertigo.com\/en\/estudios\/\" \/>\n<meta property=\"og:site_name\" content=\"V\u00e9rtigo y Mareo\" \/>\n<meta property=\"article:publisher\" content=\"https:\/\/www.facebook.com\/Vertigoymareo42\" \/>\n<meta property=\"article:modified_time\" content=\"2019-10-09T19:24:10+00:00\" \/>\n<meta name=\"twitter:card\" content=\"summary_large_image\" \/>\n<meta name=\"twitter:label1\" content=\"Est. reading time\" \/>\n\t<meta name=\"twitter:data1\" content=\"3 minutes\" \/>\n<script type=\"application\/ld+json\" class=\"yoast-schema-graph\">{\"@context\":\"https:\\\/\\\/schema.org\",\"@graph\":[{\"@type\":\"WebPage\",\"@id\":\"https:\\\/\\\/mareo-vertigo.com\\\/en\\\/estudios\\\/\",\"url\":\"https:\\\/\\\/mareo-vertigo.com\\\/en\\\/estudios\\\/\",\"name\":\"Estudios para determinar el tratamiento vertigo y mareo.\",\"isPartOf\":{\"@id\":\"https:\\\/\\\/mareo-vertigo.com\\\/en\\\/#website\"},\"datePublished\":\"2014-09-26T15:14:54+00:00\",\"dateModified\":\"2019-10-09T19:24:10+00:00\",\"description\":\"Estudios para determinar las causas del vertigo y las causas de mareos. Si necesitas otorrinoralingologo DF \u00a1Ponte en contacto con nosotros!\",\"breadcrumb\":{\"@id\":\"https:\\\/\\\/mareo-vertigo.com\\\/en\\\/estudios\\\/#breadcrumb\"},\"inLanguage\":\"en-US\",\"potentialAction\":[{\"@type\":\"ReadAction\",\"target\":[\"https:\\\/\\\/mareo-vertigo.com\\\/en\\\/estudios\\\/\"]}]},{\"@type\":\"BreadcrumbList\",\"@id\":\"https:\\\/\\\/mareo-vertigo.com\\\/en\\\/estudios\\\/#breadcrumb\",\"itemListElement\":[{\"@type\":\"ListItem\",\"position\":1,\"name\":\"Portada\",\"item\":\"https:\\\/\\\/mareo-vertigo.com\\\/en\\\/\"},{\"@type\":\"ListItem\",\"position\":2,\"name\":\"Estudios\"}]},{\"@type\":\"WebSite\",\"@id\":\"https:\\\/\\\/mareo-vertigo.com\\\/en\\\/#website\",\"url\":\"https:\\\/\\\/mareo-vertigo.com\\\/en\\\/\",\"name\":\"V\u00e9rtigo y Mareo\",\"description\":\"\",\"potentialAction\":[{\"@type\":\"SearchAction\",\"target\":{\"@type\":\"EntryPoint\",\"urlTemplate\":\"https:\\\/\\\/mareo-vertigo.com\\\/en\\\/?s={search_term_string}\"},\"query-input\":{\"@type\":\"PropertyValueSpecification\",\"valueRequired\":true,\"valueName\":\"search_term_string\"}}],\"inLanguage\":\"en-US\"}]}<\/script>\n<!-- \/ Yoast SEO plugin. -->","yoast_head_json":{"title":"Estudios para determinar el tratamiento vertigo y mareo.","description":"Estudios para determinar las causas del vertigo y las causas de mareos. Si necesitas otorrinoralingologo DF \u00a1Ponte en contacto con nosotros!","robots":{"index":"index","follow":"follow","max-snippet":"max-snippet:-1","max-image-preview":"max-image-preview:large","max-video-preview":"max-video-preview:-1"},"canonical":"https:\/\/mareo-vertigo.com\/en\/estudios\/","og_locale":"en_US","og_type":"article","og_title":"Estudios para determinar el tratamiento vertigo y mareo.","og_description":"Estudios para determinar las causas del vertigo y las causas de mareos. Si necesitas otorrinoralingologo DF \u00a1Ponte en contacto con nosotros!","og_url":"https:\/\/mareo-vertigo.com\/en\/estudios\/","og_site_name":"V\u00e9rtigo y Mareo","article_publisher":"https:\/\/www.facebook.com\/Vertigoymareo42","article_modified_time":"2019-10-09T19:24:10+00:00","twitter_card":"summary_large_image","twitter_misc":{"Est. reading time":"3 minutes"},"schema":{"@context":"https:\/\/schema.org","@graph":[{"@type":"WebPage","@id":"https:\/\/mareo-vertigo.com\/en\/estudios\/","url":"https:\/\/mareo-vertigo.com\/en\/estudios\/","name":"Estudios para determinar el tratamiento vertigo y mareo.","isPartOf":{"@id":"https:\/\/mareo-vertigo.com\/en\/#website"},"datePublished":"2014-09-26T15:14:54+00:00","dateModified":"2019-10-09T19:24:10+00:00","description":"Estudios para determinar las causas del vertigo y las causas de mareos. Si necesitas otorrinoralingologo DF \u00a1Ponte en contacto con nosotros!","breadcrumb":{"@id":"https:\/\/mareo-vertigo.com\/en\/estudios\/#breadcrumb"},"inLanguage":"en-US","potentialAction":[{"@type":"ReadAction","target":["https:\/\/mareo-vertigo.com\/en\/estudios\/"]}]},{"@type":"BreadcrumbList","@id":"https:\/\/mareo-vertigo.com\/en\/estudios\/#breadcrumb","itemListElement":[{"@type":"ListItem","position":1,"name":"Portada","item":"https:\/\/mareo-vertigo.com\/en\/"},{"@type":"ListItem","position":2,"name":"Estudios"}]},{"@type":"WebSite","@id":"https:\/\/mareo-vertigo.com\/en\/#website","url":"https:\/\/mareo-vertigo.com\/en\/","name":"V\u00e9rtigo y Mareo","description":"","potentialAction":[{"@type":"SearchAction","target":{"@type":"EntryPoint","urlTemplate":"https:\/\/mareo-vertigo.com\/en\/?s={search_term_string}"},"query-input":{"@type":"PropertyValueSpecification","valueRequired":true,"valueName":"search_term_string"}}],"inLanguage":"en-US"}]}},"_links":{"self":[{"href":"https:\/\/mareo-vertigo.com\/en\/wp-json\/wp\/v2\/pages\/42","targetHints":{"allow":["GET"]}}],"collection":[{"href":"https:\/\/mareo-vertigo.com\/en\/wp-json\/wp\/v2\/pages"}],"about":[{"href":"https:\/\/mareo-vertigo.com\/en\/wp-json\/wp\/v2\/types\/page"}],"author":[{"embeddable":true,"href":"https:\/\/mareo-vertigo.com\/en\/wp-json\/wp\/v2\/users\/1"}],"replies":[{"embeddable":true,"href":"https:\/\/mareo-vertigo.com\/en\/wp-json\/wp\/v2\/comments?post=42"}],"version-history":[{"count":8,"href":"https:\/\/mareo-vertigo.com\/en\/wp-json\/wp\/v2\/pages\/42\/revisions"}],"predecessor-version":[{"id":698,"href":"https:\/\/mareo-vertigo.com\/en\/wp-json\/wp\/v2\/pages\/42\/revisions\/698"}],"wp:attachment":[{"href":"https:\/\/mareo-vertigo.com\/en\/wp-json\/wp\/v2\/media?parent=42"}],"curies":[{"name":"wp","href":"https:\/\/api.w.org\/{rel}","templated":true}]}}